{"id":23,"date":"2024-03-02T17:05:13","date_gmt":"2024-03-02T16:05:13","guid":{"rendered":"https:\/\/www.faitdeverre.com\/?page_id=23"},"modified":"2024-06-17T20:40:34","modified_gmt":"2024-06-17T18:40:34","slug":"a-propos","status":"publish","type":"page","link":"https:\/\/www.faitdeverre.com\/index.php\/a-propos\/","title":{"rendered":"L&rsquo;artisan"},"content":{"rendered":"\n<p><strong>Fait de Verre<\/strong> a \u00e9t\u00e9 cr\u00e9\u00e9e par Gwen Bonaque, un artist&rsquo;san passionn\u00e9 par la <strong>lumi\u00e8re<\/strong> et les reflets qu&rsquo;elle propose. Les techniques du <strong>vitrail<\/strong> me permettent d&rsquo;exploiter les <strong>couleurs<\/strong> \u00e0 travers des mat\u00e9riaux nobles tels que le <strong>verre<\/strong> et le <strong>cuivre<\/strong>. Les textures de verre m&rsquo;accompagnent dans la cr\u00e9ation et la <strong>nature<\/strong> reste ma principale inspiration.<\/p>\n\n\n<style>.kb-row-layout-id23_afbdc2-40 > .kt-row-column-wrap{align-content:start;}:where(.kb-row-layout-id23_afbdc2-40 > .kt-row-column-wrap) > .wp-block-kadence-column{justify-content:start;}.kb-row-layout-id23_afbdc2-40 > .kt-row-column-wrap{column-gap:var(--global-kb-gap-md, 2rem);row-gap:var(--global-kb-gap-md, 2rem);padding-top:var(--global-kb-spacing-sm, 1.5rem);padding-bottom:var(--global-kb-spacing-sm, 1.5rem);grid-template-columns:repeat(2, minmax(0, 1fr));}.kb-row-layout-id23_afbdc2-40 > .kt-row-layout-overlay{opacity:0.30;}@media all and (max-width: 1024px){.kb-row-layout-id23_afbdc2-40 > .kt-row-column-wrap{grid-template-columns:repeat(2, minmax(0, 1fr));}}@media all and (max-width: 767px){.kb-row-layout-id23_afbdc2-40 > .kt-row-column-wrap{grid-template-columns:minmax(0, 1fr);}}<\/style><div class=\"kb-row-layout-wrap kb-row-layout-id23_afbdc2-40 alignnone wp-block-kadence-rowlayout\"><div class=\"kt-row-column-wrap kt-has-2-columns kt-row-layout-equal kt-tab-layout-inherit kt-mobile-layout-row kt-row-valign-top\">\n<style>.kadence-column23_b5f753-7d > .kt-inside-inner-col,.kadence-column23_b5f753-7d > .kt-inside-inner-col:before{border-top-left-radius:0px;border-top-right-radius:0px;border-bottom-right-radius:0px;border-bottom-left-radius:0px;}.kadence-column23_b5f753-7d > .kt-inside-inner-col{column-gap:var(--global-kb-gap-sm, 1rem);}.kadence-column23_b5f753-7d > .kt-inside-inner-col{flex-direction:column;}.kadence-column23_b5f753-7d > .kt-inside-inner-col > .aligncenter{width:100%;}.kadence-column23_b5f753-7d > .kt-inside-inner-col:before{opacity:0.3;}.kadence-column23_b5f753-7d{position:relative;}@media all and (max-width: 1024px){.kadence-column23_b5f753-7d > .kt-inside-inner-col{flex-direction:column;justify-content:center;}}@media all and (max-width: 767px){.kadence-column23_b5f753-7d > .kt-inside-inner-col{flex-direction:column;justify-content:center;}}<\/style>\n<div class=\"wp-block-kadence-column kadence-column23_b5f753-7d\"><div class=\"kt-inside-inner-col\">\n<h2 class=\"wp-block-heading\">Qui suis-je ?<\/h2>\n\n\n\n<p>J&rsquo;ai \u00e9tudi\u00e9 les m\u00e9tiers d&rsquo;arts \u00e0 l&rsquo;\u00e9cole des <strong>Beaux Arts<\/strong> de Perpignan o\u00f9 j&rsquo;ai travaill\u00e9 sur des installations lumineuses avec projections intemporelles. Le dessin et les objets atypiques m&rsquo;ont toujours attir\u00e9. Une fois Dipl\u00f4m\u00e9 en Arts Plastique, je me suis orient\u00e9 vers la cr\u00e9ation d&rsquo;un nouveau genre: le dessin informatique vectoriel. J&rsquo;ai travaill\u00e9 pendant trois ann\u00e9es en tant qu&rsquo;infographiste dans une imprimerie pour y d\u00e9couvrir les possibilit\u00e9s graphiques et <strong>cr\u00e9atives<\/strong>. Je d\u00e9cide de suivre une formation chez un <strong>Artisan verrier<\/strong> en 2011 pour y d\u00e9couvrir l&rsquo;art du vitrail, ces diverses techniques et possibilit\u00e9s d&rsquo;int\u00e9grations dans les maisons contemporaines.<\/p>\n\n\n\n<p>La <strong>d\u00e9coration d&rsquo;int\u00e9rieur<\/strong> et le dessin m&rsquo;ont toujours passionn\u00e9. Avec les techniques du <strong>vitrail <\/strong>(<a href=\"https:\/\/fr.wikipedia.org\/wiki\/Louis_Comfort_Tiffany\" target=\"_blank\" rel=\"noreferrer noopener\">Tiffany<\/a> et <a href=\"https:\/\/fr.wikipedia.org\/wiki\/Technique_du_vitrail_au_Moyen_%C3%82ge#:~:text=Au%20Moyen%20%C3%82ge%2C%20la%20technique,fen%C3%AAtres%20par%20des%20tiges%20m%C3%A9talliques.\" target=\"_blank\" rel=\"noreferrer noopener\">Traditionnelle<\/a>), je d\u00e9couvre l&rsquo;association d&rsquo;autres mat\u00e9riaux tels que l&rsquo;acier et le bois. Ainsi, depuis 2016, je cr\u00e9e mes propres <strong>cr\u00e9ations en verre<\/strong> et acier que j&rsquo;expose dans ma boutique et sur les march\u00e9s. Je fabrique des pi\u00e8ces uniques, <strong>bijoux <\/strong>et <strong>objets en verre<\/strong>, mobile en verre ou papillon \u00e0 planter. Mes <strong>attrape lumi\u00e8re <\/strong>s&rsquo;int\u00e8grent en int\u00e9rieur comme en ext\u00e9rieur et ajoute une touche de <a href=\"https:\/\/fr.wikipedia.org\/wiki\/Feng_shui\" target=\"_blank\" rel=\"noreferrer noopener\">feng shui<\/a>. Les couleurs resplendissent et s&rsquo;harmonisent entre elles.<\/p>\n<\/div><\/div>\n\n\n<style>.kadence-column23_660994-de > .kt-inside-inner-col,.kadence-column23_660994-de > .kt-inside-inner-col:before{border-top-left-radius:0px;border-top-right-radius:0px;border-bottom-right-radius:0px;border-bottom-left-radius:0px;}.kadence-column23_660994-de > .kt-inside-inner-col{column-gap:var(--global-kb-gap-sm, 1rem);}.kadence-column23_660994-de > .kt-inside-inner-col{flex-direction:column;}.kadence-column23_660994-de > .kt-inside-inner-col > .aligncenter{width:100%;}.kadence-column23_660994-de > .kt-inside-inner-col:before{opacity:0.3;}.kadence-column23_660994-de{position:relative;}@media all and (max-width: 1024px){.kadence-column23_660994-de > .kt-inside-inner-col{flex-direction:column;justify-content:center;}}@media all and (max-width: 767px){.kadence-column23_660994-de > .kt-inside-inner-col{flex-direction:column;justify-content:center;}}<\/style>\n<div class=\"wp-block-kadence-column kadence-column23_660994-de\"><div class=\"kt-inside-inner-col\">\n<figure class=\"wp-block-image size-large\"><img loading=\"lazy\" decoding=\"async\" width=\"1024\" height=\"1024\" src=\"https:\/\/www.faitdeverre.com\/wp-content\/uploads\/2024\/04\/Portrait-Fait-de-Verre-1024x1024.jpg\" alt=\"\" class=\"wp-image-155\" style=\"object-fit:cover\" srcset=\"https:\/\/www.faitdeverre.com\/wp-content\/uploads\/2024\/04\/Portrait-Fait-de-Verre-1024x1024.jpg 1024w, https:\/\/www.faitdeverre.com\/wp-content\/uploads\/2024\/04\/Portrait-Fait-de-Verre-300x300.jpg 300w, https:\/\/www.faitdeverre.com\/wp-content\/uploads\/2024\/04\/Portrait-Fait-de-Verre-100x100.jpg 100w, https:\/\/www.faitdeverre.com\/wp-content\/uploads\/2024\/04\/Portrait-Fait-de-Verre-600x600.jpg 600w, https:\/\/www.faitdeverre.com\/wp-content\/uploads\/2024\/04\/Portrait-Fait-de-Verre-150x150.jpg 150w, https:\/\/www.faitdeverre.com\/wp-content\/uploads\/2024\/04\/Portrait-Fait-de-Verre-768x768.jpg 768w, https:\/\/www.faitdeverre.com\/wp-content\/uploads\/2024\/04\/Portrait-Fait-de-Verre.jpg 1500w\" sizes=\"auto, (max-width: 1024px) 100vw, 1024px\" \/><\/figure>\n<\/div><\/div>\n\n<\/div><\/div>\n\n<style>.wp-block-kadence-advancedgallery.kb-gallery-wrap-id-23_5f6d20-ce{overflow:hidden;}.kb-gallery-id-23_5f6d20-ce .kadence-blocks-gallery-item .kb-gal-image-radius, .kb-gallery-id-23_5f6d20-ce .kb-slide-item .kb-gal-image-radius img{border-radius:0px 0px 0px 0px;;}.kb-gallery-wrap-id-23_5f6d20-ce.wp-block-kadence-advancedgallery{overflow:visible;}.kb-gallery-wrap-id-23_5f6d20-ce.wp-block-kadence-advancedgallery .kt-blocks-carousel{overflow:visible;}<\/style><div class=\"kb-gallery-wrap-id-23_5f6d20-ce alignnone wp-block-kadence-advancedgallery\"><div class=\"kb-gallery-ul kb-gallery-non-static kb-gallery-type-carousel kb-gallery-id-23_5f6d20-ce kb-gallery-caption-style-bottom-hover kb-gallery-filter-none kb-gallery-magnific-init\" data-image-filter=\"none\" data-lightbox-caption=\"true\"><div class=\"kt-blocks-carousel splide kt-carousel-container-dotstyle-dark kt-carousel-arrowstyle-whiteondark kt-carousel-dotstyle-dark kb-slider-group-arrow kb-slider-arrow-position-center\" data-columns-xxl=\"3\" data-columns-xl=\"3\" data-columns-md=\"3\" data-columns-sm=\"2\" data-columns-xs=\"1\" data-columns-ss=\"1\" data-slider-anim-speed=\"400\" data-slider-scroll=\"1\" data-slider-arrows=\"true\" data-slider-dots=\"true\" data-slider-hover-pause=\"false\" data-slider-auto=\"\" data-slider-speed=\"7000\" data-slider-gap=\"10px\" data-slider-gap-tablet=\"10px\" data-slider-gap-mobile=\"10px\" data-show-pause-button=\"false\" data-slider-label=\"Photo Gallery Carousel\"><div class=\"splide__track\"><ul class=\"kt-blocks-carousel-init kb-gallery-carousel splide__list\"><li class=\"kb-slide-item kb-gallery-carousel-item splide__slide\"><div class=\"kadence-blocks-gallery-item\"><div class=\"kadence-blocks-gallery-item-inner\"><figure class=\"kb-gallery-figure kb-gallery-item-has-link kadence-blocks-gallery-item-hide-caption\"><a href=\"https:\/\/www.faitdeverre.com\/wp-content\/uploads\/2024\/06\/devanture-FAit-de-Verre-2.jpg\" data-alt=\"devanture-FAit-de-Verre-2\" class=\"kb-gallery-item-link\"   role=\"button\" aria-haspopup=\"dialog\"><div class=\"kb-gal-image-radius\"><div class=\"kb-gallery-image-contain kadence-blocks-gallery-intrinsic kb-gallery-image-ratio-land32 kb-has-image-ratio-land32\" ><img loading=\"lazy\" decoding=\"async\" src=\"https:\/\/www.faitdeverre.com\/wp-content\/uploads\/2024\/06\/devanture-FAit-de-Verre-2-1024x683.jpg\" width=\"1024\" height=\"683\" alt=\"devanture-FAit-de-Verre-2\" data-full-image=\"https:\/\/www.faitdeverre.com\/wp-content\/uploads\/2024\/06\/devanture-FAit-de-Verre-2.jpg\" data-light-image=\"https:\/\/www.faitdeverre.com\/wp-content\/uploads\/2024\/06\/devanture-FAit-de-Verre-2.jpg\" data-id=\"332\" class=\"wp-image-332 skip-lazy\" srcset=\"https:\/\/www.faitdeverre.com\/wp-content\/uploads\/2024\/06\/devanture-FAit-de-Verre-2-1024x683.jpg 1024w, https:\/\/www.faitdeverre.com\/wp-content\/uploads\/2024\/06\/devanture-FAit-de-Verre-2-300x200.jpg 300w, https:\/\/www.faitdeverre.com\/wp-content\/uploads\/2024\/06\/devanture-FAit-de-Verre-2-768x512.jpg 768w, https:\/\/www.faitdeverre.com\/wp-content\/uploads\/2024\/06\/devanture-FAit-de-Verre-2-1536x1024.jpg 1536w, https:\/\/www.faitdeverre.com\/wp-content\/uploads\/2024\/06\/devanture-FAit-de-Verre-2-720x480.jpg 720w, https:\/\/www.faitdeverre.com\/wp-content\/uploads\/2024\/06\/devanture-FAit-de-Verre-2.jpg 1920w\" sizes=\"auto, (max-width: 1024px) 100vw, 1024px\" \/><\/div><\/div><\/a><\/figure><\/div><\/div><\/li><li class=\"kb-slide-item kb-gallery-carousel-item splide__slide\"><div class=\"kadence-blocks-gallery-item\"><div class=\"kadence-blocks-gallery-item-inner\"><figure class=\"kb-gallery-figure kb-gallery-item-has-link kadence-blocks-gallery-item-hide-caption\"><a href=\"https:\/\/www.faitdeverre.com\/wp-content\/uploads\/2024\/06\/Boutique-Fait-de-Verre-interieur-2.jpg\" data-alt=\"Boutique-Fait-de-Verre-interieur-2\" class=\"kb-gallery-item-link\"   role=\"button\" aria-haspopup=\"dialog\"><div class=\"kb-gal-image-radius\"><div class=\"kb-gallery-image-contain kadence-blocks-gallery-intrinsic kb-gallery-image-ratio-land32 kb-has-image-ratio-land32\" ><img loading=\"lazy\" decoding=\"async\" src=\"https:\/\/www.faitdeverre.com\/wp-content\/uploads\/2024\/06\/Boutique-Fait-de-Verre-interieur-2-1024x681.jpg\" width=\"1024\" height=\"681\" alt=\"Boutique-Fait-de-Verre-interieur-2\" data-full-image=\"https:\/\/www.faitdeverre.com\/wp-content\/uploads\/2024\/06\/Boutique-Fait-de-Verre-interieur-2.jpg\" data-light-image=\"https:\/\/www.faitdeverre.com\/wp-content\/uploads\/2024\/06\/Boutique-Fait-de-Verre-interieur-2.jpg\" data-id=\"325\" class=\"wp-image-325 skip-lazy\" srcset=\"https:\/\/www.faitdeverre.com\/wp-content\/uploads\/2024\/06\/Boutique-Fait-de-Verre-interieur-2-1024x681.jpg 1024w, https:\/\/www.faitdeverre.com\/wp-content\/uploads\/2024\/06\/Boutique-Fait-de-Verre-interieur-2-300x200.jpg 300w, https:\/\/www.faitdeverre.com\/wp-content\/uploads\/2024\/06\/Boutique-Fait-de-Verre-interieur-2-768x511.jpg 768w, https:\/\/www.faitdeverre.com\/wp-content\/uploads\/2024\/06\/Boutique-Fait-de-Verre-interieur-2-1536x1022.jpg 1536w, https:\/\/www.faitdeverre.com\/wp-content\/uploads\/2024\/06\/Boutique-Fait-de-Verre-interieur-2-720x480.jpg 720w, https:\/\/www.faitdeverre.com\/wp-content\/uploads\/2024\/06\/Boutique-Fait-de-Verre-interieur-2.jpg 1920w\" sizes=\"auto, (max-width: 1024px) 100vw, 1024px\" \/><\/div><\/div><\/a><\/figure><\/div><\/div><\/li><li class=\"kb-slide-item kb-gallery-carousel-item splide__slide\"><div class=\"kadence-blocks-gallery-item\"><div class=\"kadence-blocks-gallery-item-inner\"><figure class=\"kb-gallery-figure kb-gallery-item-has-link kadence-blocks-gallery-item-hide-caption\"><a href=\"https:\/\/www.faitdeverre.com\/wp-content\/uploads\/2024\/04\/Table-de-travail-Fait-de-Verre.jpg\" data-alt=\"Table de travail Fait de Verre\" class=\"kb-gallery-item-link\"   role=\"button\" aria-haspopup=\"dialog\"><div class=\"kb-gal-image-radius\"><div class=\"kb-gallery-image-contain kadence-blocks-gallery-intrinsic kb-gallery-image-ratio-land32 kb-has-image-ratio-land32\" ><img loading=\"lazy\" decoding=\"async\" src=\"https:\/\/www.faitdeverre.com\/wp-content\/uploads\/2024\/04\/Table-de-travail-Fait-de-Verre-1024x681.jpg\" width=\"1024\" height=\"681\" alt=\"Table de travail Fait de Verre\" data-full-image=\"https:\/\/www.faitdeverre.com\/wp-content\/uploads\/2024\/04\/Table-de-travail-Fait-de-Verre.jpg\" data-light-image=\"https:\/\/www.faitdeverre.com\/wp-content\/uploads\/2024\/04\/Table-de-travail-Fait-de-Verre.jpg\" data-id=\"295\" class=\"wp-image-295 skip-lazy\" srcset=\"https:\/\/www.faitdeverre.com\/wp-content\/uploads\/2024\/04\/Table-de-travail-Fait-de-Verre-1024x681.jpg 1024w, https:\/\/www.faitdeverre.com\/wp-content\/uploads\/2024\/04\/Table-de-travail-Fait-de-Verre-300x200.jpg 300w, https:\/\/www.faitdeverre.com\/wp-content\/uploads\/2024\/04\/Table-de-travail-Fait-de-Verre-768x511.jpg 768w, https:\/\/www.faitdeverre.com\/wp-content\/uploads\/2024\/04\/Table-de-travail-Fait-de-Verre-1536x1022.jpg 1536w, https:\/\/www.faitdeverre.com\/wp-content\/uploads\/2024\/04\/Table-de-travail-Fait-de-Verre-720x480.jpg 720w, https:\/\/www.faitdeverre.com\/wp-content\/uploads\/2024\/04\/Table-de-travail-Fait-de-Verre.jpg 1920w\" sizes=\"auto, (max-width: 1024px) 100vw, 1024px\" \/><\/div><\/div><\/a><\/figure><\/div><\/div><\/li><li class=\"kb-slide-item kb-gallery-carousel-item splide__slide\"><div class=\"kadence-blocks-gallery-item\"><div class=\"kadence-blocks-gallery-item-inner\"><figure class=\"kb-gallery-figure kb-gallery-item-has-link kadence-blocks-gallery-item-hide-caption\"><a href=\"https:\/\/www.faitdeverre.com\/wp-content\/uploads\/2024\/06\/plaques-de-Verre-Atelier-Fait-de-Verre.jpg\" data-alt=\"Table-de-travail-Fait-de-Verre\" class=\"kb-gallery-item-link\"   role=\"button\" aria-haspopup=\"dialog\"><div class=\"kb-gal-image-radius\"><div class=\"kb-gallery-image-contain kadence-blocks-gallery-intrinsic kb-gallery-image-ratio-land32 kb-has-image-ratio-land32\" ><img loading=\"lazy\" decoding=\"async\" src=\"https:\/\/www.faitdeverre.com\/wp-content\/uploads\/2024\/06\/plaques-de-Verre-Atelier-Fait-de-Verre-1024x681.jpg\" width=\"1024\" height=\"681\" alt=\"Table-de-travail-Fait-de-Verre\" data-full-image=\"https:\/\/www.faitdeverre.com\/wp-content\/uploads\/2024\/06\/plaques-de-Verre-Atelier-Fait-de-Verre.jpg\" data-light-image=\"https:\/\/www.faitdeverre.com\/wp-content\/uploads\/2024\/06\/plaques-de-Verre-Atelier-Fait-de-Verre.jpg\" data-id=\"298\" class=\"wp-image-298 skip-lazy\" srcset=\"https:\/\/www.faitdeverre.com\/wp-content\/uploads\/2024\/06\/plaques-de-Verre-Atelier-Fait-de-Verre-1024x681.jpg 1024w, https:\/\/www.faitdeverre.com\/wp-content\/uploads\/2024\/06\/plaques-de-Verre-Atelier-Fait-de-Verre-300x200.jpg 300w, https:\/\/www.faitdeverre.com\/wp-content\/uploads\/2024\/06\/plaques-de-Verre-Atelier-Fait-de-Verre-768x511.jpg 768w, https:\/\/www.faitdeverre.com\/wp-content\/uploads\/2024\/06\/plaques-de-Verre-Atelier-Fait-de-Verre-1536x1022.jpg 1536w, https:\/\/www.faitdeverre.com\/wp-content\/uploads\/2024\/06\/plaques-de-Verre-Atelier-Fait-de-Verre-720x480.jpg 720w, https:\/\/www.faitdeverre.com\/wp-content\/uploads\/2024\/06\/plaques-de-Verre-Atelier-Fait-de-Verre.jpg 1920w\" sizes=\"auto, (max-width: 1024px) 100vw, 1024px\" \/><\/div><\/div><\/a><\/figure><\/div><\/div><\/li><li class=\"kb-slide-item kb-gallery-carousel-item splide__slide\"><div class=\"kadence-blocks-gallery-item\"><div class=\"kadence-blocks-gallery-item-inner\"><figure class=\"kb-gallery-figure kb-gallery-item-has-link kadence-blocks-gallery-item-hide-caption\"><a href=\"https:\/\/www.faitdeverre.com\/wp-content\/uploads\/2024\/06\/Boutique-Fait-de-Verre-interieur-1.jpg\" data-alt=\"trace-vitrail-dessin\" class=\"kb-gallery-item-link\"   role=\"button\" aria-haspopup=\"dialog\"><div class=\"kb-gal-image-radius\"><div class=\"kb-gallery-image-contain kadence-blocks-gallery-intrinsic kb-gallery-image-ratio-land32 kb-has-image-ratio-land32\" ><img loading=\"lazy\" decoding=\"async\" src=\"https:\/\/www.faitdeverre.com\/wp-content\/uploads\/2024\/06\/Boutique-Fait-de-Verre-interieur-1-1024x683.jpg\" width=\"1024\" height=\"683\" alt=\"trace-vitrail-dessin\" data-full-image=\"https:\/\/www.faitdeverre.com\/wp-content\/uploads\/2024\/06\/Boutique-Fait-de-Verre-interieur-1.jpg\" data-light-image=\"https:\/\/www.faitdeverre.com\/wp-content\/uploads\/2024\/06\/Boutique-Fait-de-Verre-interieur-1.jpg\" data-id=\"303\" class=\"wp-image-303 skip-lazy\" srcset=\"https:\/\/www.faitdeverre.com\/wp-content\/uploads\/2024\/06\/Boutique-Fait-de-Verre-interieur-1-1024x683.jpg 1024w, https:\/\/www.faitdeverre.com\/wp-content\/uploads\/2024\/06\/Boutique-Fait-de-Verre-interieur-1-300x200.jpg 300w, https:\/\/www.faitdeverre.com\/wp-content\/uploads\/2024\/06\/Boutique-Fait-de-Verre-interieur-1-768x512.jpg 768w, https:\/\/www.faitdeverre.com\/wp-content\/uploads\/2024\/06\/Boutique-Fait-de-Verre-interieur-1-1536x1024.jpg 1536w, https:\/\/www.faitdeverre.com\/wp-content\/uploads\/2024\/06\/Boutique-Fait-de-Verre-interieur-1-720x480.jpg 720w, https:\/\/www.faitdeverre.com\/wp-content\/uploads\/2024\/06\/Boutique-Fait-de-Verre-interieur-1.jpg 1920w\" sizes=\"auto, (max-width: 1024px) 100vw, 1024px\" \/><\/div><\/div><\/a><\/figure><\/div><\/div><\/li><li class=\"kb-slide-item kb-gallery-carousel-item splide__slide\"><div class=\"kadence-blocks-gallery-item\"><div class=\"kadence-blocks-gallery-item-inner\"><figure class=\"kb-gallery-figure kb-gallery-item-has-link kadence-blocks-gallery-item-hide-caption\"><a href=\"https:\/\/www.faitdeverre.com\/wp-content\/uploads\/2024\/06\/Boutique-exposition-atelier.jpg\" data-alt=\"Boutique exposition atelier\" class=\"kb-gallery-item-link\"   role=\"button\" aria-haspopup=\"dialog\"><div class=\"kb-gal-image-radius\"><div class=\"kb-gallery-image-contain kadence-blocks-gallery-intrinsic kb-gallery-image-ratio-land32 kb-has-image-ratio-land32\" ><img loading=\"lazy\" decoding=\"async\" src=\"https:\/\/www.faitdeverre.com\/wp-content\/uploads\/2024\/06\/Boutique-exposition-atelier-1024x681.jpg\" width=\"1024\" height=\"681\" alt=\"Boutique exposition atelier\" data-full-image=\"https:\/\/www.faitdeverre.com\/wp-content\/uploads\/2024\/06\/Boutique-exposition-atelier.jpg\" data-light-image=\"https:\/\/www.faitdeverre.com\/wp-content\/uploads\/2024\/06\/Boutique-exposition-atelier.jpg\" data-id=\"368\" class=\"wp-image-368 skip-lazy\" srcset=\"https:\/\/www.faitdeverre.com\/wp-content\/uploads\/2024\/06\/Boutique-exposition-atelier-1024x681.jpg 1024w, https:\/\/www.faitdeverre.com\/wp-content\/uploads\/2024\/06\/Boutique-exposition-atelier-300x200.jpg 300w, https:\/\/www.faitdeverre.com\/wp-content\/uploads\/2024\/06\/Boutique-exposition-atelier-768x511.jpg 768w, https:\/\/www.faitdeverre.com\/wp-content\/uploads\/2024\/06\/Boutique-exposition-atelier-1536x1022.jpg 1536w, https:\/\/www.faitdeverre.com\/wp-content\/uploads\/2024\/06\/Boutique-exposition-atelier-720x480.jpg 720w, https:\/\/www.faitdeverre.com\/wp-content\/uploads\/2024\/06\/Boutique-exposition-atelier.jpg 1920w\" sizes=\"auto, (max-width: 1024px) 100vw, 1024px\" \/><\/div><\/div><\/a><\/figure><\/div><\/div><\/li><li class=\"kb-slide-item kb-gallery-carousel-item splide__slide\"><div class=\"kadence-blocks-gallery-item\"><div class=\"kadence-blocks-gallery-item-inner\"><figure class=\"kb-gallery-figure kb-gallery-item-has-link kadence-blocks-gallery-item-hide-caption\"><a href=\"https:\/\/www.faitdeverre.com\/wp-content\/uploads\/2024\/06\/Boutique-exposition.jpg\" data-alt=\"Boutique exposition\" class=\"kb-gallery-item-link\"   role=\"button\" aria-haspopup=\"dialog\"><div class=\"kb-gal-image-radius\"><div class=\"kb-gallery-image-contain kadence-blocks-gallery-intrinsic kb-gallery-image-ratio-land32 kb-has-image-ratio-land32\" ><img loading=\"lazy\" decoding=\"async\" src=\"https:\/\/www.faitdeverre.com\/wp-content\/uploads\/2024\/06\/Boutique-exposition-1024x661.jpg\" width=\"1024\" height=\"661\" alt=\"Boutique exposition\" data-full-image=\"https:\/\/www.faitdeverre.com\/wp-content\/uploads\/2024\/06\/Boutique-exposition.jpg\" data-light-image=\"https:\/\/www.faitdeverre.com\/wp-content\/uploads\/2024\/06\/Boutique-exposition.jpg\" data-id=\"369\" class=\"wp-image-369 skip-lazy\" srcset=\"https:\/\/www.faitdeverre.com\/wp-content\/uploads\/2024\/06\/Boutique-exposition-1024x661.jpg 1024w, https:\/\/www.faitdeverre.com\/wp-content\/uploads\/2024\/06\/Boutique-exposition-300x194.jpg 300w, https:\/\/www.faitdeverre.com\/wp-content\/uploads\/2024\/06\/Boutique-exposition-768x496.jpg 768w, https:\/\/www.faitdeverre.com\/wp-content\/uploads\/2024\/06\/Boutique-exposition-1536x992.jpg 1536w, https:\/\/www.faitdeverre.com\/wp-content\/uploads\/2024\/06\/Boutique-exposition.jpg 1920w\" sizes=\"auto, (max-width: 1024px) 100vw, 1024px\" \/><\/div><\/div><\/a><\/figure><\/div><\/div><\/li><li class=\"kb-slide-item kb-gallery-carousel-item splide__slide\"><div class=\"kadence-blocks-gallery-item\"><div class=\"kadence-blocks-gallery-item-inner\"><figure class=\"kb-gallery-figure kb-gallery-item-has-link kadence-blocks-gallery-item-hide-caption\"><a href=\"https:\/\/www.faitdeverre.com\/wp-content\/uploads\/2024\/06\/Gwen-portrait-Atelier-atelier.jpg\" data-alt=\"Gwen portrait Atelier atelier\" class=\"kb-gallery-item-link\"   role=\"button\" aria-haspopup=\"dialog\"><div class=\"kb-gal-image-radius\"><div class=\"kb-gallery-image-contain kadence-blocks-gallery-intrinsic kb-gallery-image-ratio-land32 kb-has-image-ratio-land32\" ><img loading=\"lazy\" decoding=\"async\" src=\"https:\/\/www.faitdeverre.com\/wp-content\/uploads\/2024\/06\/Gwen-portrait-Atelier-atelier-1024x681.jpg\" width=\"1024\" height=\"681\" alt=\"Gwen portrait Atelier atelier\" data-full-image=\"https:\/\/www.faitdeverre.com\/wp-content\/uploads\/2024\/06\/Gwen-portrait-Atelier-atelier.jpg\" data-light-image=\"https:\/\/www.faitdeverre.com\/wp-content\/uploads\/2024\/06\/Gwen-portrait-Atelier-atelier.jpg\" data-id=\"370\" class=\"wp-image-370 skip-lazy\" srcset=\"https:\/\/www.faitdeverre.com\/wp-content\/uploads\/2024\/06\/Gwen-portrait-Atelier-atelier-1024x681.jpg 1024w, https:\/\/www.faitdeverre.com\/wp-content\/uploads\/2024\/06\/Gwen-portrait-Atelier-atelier-300x200.jpg 300w, https:\/\/www.faitdeverre.com\/wp-content\/uploads\/2024\/06\/Gwen-portrait-Atelier-atelier-768x511.jpg 768w, https:\/\/www.faitdeverre.com\/wp-content\/uploads\/2024\/06\/Gwen-portrait-Atelier-atelier-1536x1022.jpg 1536w, https:\/\/www.faitdeverre.com\/wp-content\/uploads\/2024\/06\/Gwen-portrait-Atelier-atelier-720x480.jpg 720w, https:\/\/www.faitdeverre.com\/wp-content\/uploads\/2024\/06\/Gwen-portrait-Atelier-atelier-840x558.jpg 840w, https:\/\/www.faitdeverre.com\/wp-content\/uploads\/2024\/06\/Gwen-portrait-Atelier-atelier-420x279.jpg 420w, https:\/\/www.faitdeverre.com\/wp-content\/uploads\/2024\/06\/Gwen-portrait-Atelier-atelier.jpg 1920w\" sizes=\"auto, (max-width: 1024px) 100vw, 1024px\" \/><\/div><\/div><\/a><\/figure><\/div><\/div><\/li><\/ul><\/div><\/div><\/div><\/div>\n\n\n<h2 class=\"wp-block-heading\">O\u00f9 ?<\/h2>\n\n\n\n<p>Mon&nbsp;<strong>atelier\/boutique<\/strong>&nbsp;se situe \u00e0 Prades, dans les Pyr\u00e9n\u00e9es-Orientales, au pied du Mont Canigou, dans un environnement o\u00f9 la nature reste ma plus grande source d\u2019inspiration. Retrouvez moi ainsi que mes cr\u00e9ations dans mon atelier, au&nbsp;<strong>10 rue de Mahou, 66500 Prades<\/strong>. Vous pouvez \u00e9galement me contacter par t\u00e9l\u00e9phone ou e-mail.<\/p>\n\n\n\n<figure class=\"wp-block-embed is-type-video is-provider-youtube wp-block-embed-youtube wp-embed-aspect-16-9 wp-has-aspect-ratio\"><div class=\"wp-block-embed__wrapper\">\n<div class=\"entry-content-asset videofit\"><iframe loading=\"lazy\" title=\"Abeille en verre - vitrail Tiffany - Atelier &quot;fait de verre&quot;\" width=\"1140\" height=\"641\" src=\"https:\/\/www.youtube.com\/embed\/8MGeP6q6Qf8?feature=oembed\" frameborder=\"0\" allow=\"accelerometer; autoplay; clipboard-write; encrypted-media; gyroscope; picture-in-picture; web-share\" referrerpolicy=\"strict-origin-when-cross-origin\" allowfullscreen><\/iframe><\/div>\n<\/div><\/figure>\n","protected":false},"excerpt":{"rendered":"<p>Fait de Verre a \u00e9t\u00e9 cr\u00e9\u00e9e par Gwen Bonaque, un artist&rsquo;san passionn\u00e9 par la lumi\u00e8re et les reflets qu&rsquo;elle propose. Les techniques du vitrail me permettent d&rsquo;exploiter les couleurs \u00e0 travers des mat\u00e9riaux nobles tels que le verre et le &hellip; <a class=\"kt-excerpt-readmore more-link\" href=\"https:\/\/www.faitdeverre.com\/index.php\/a-propos\/\">LIRE LA SUITE<\/a><\/p>\n","protected":false},"author":1,"featured_media":370,"parent":0,"menu_order":0,"comment_status":"closed","ping_status":"closed","template":"","meta":{"kt_blocks_editor_width":"","_themeisle_gutenberg_block_has_review":false,"footnotes":""},"class_list":["post-23","page","type-page","status-publish","has-post-thumbnail","hentry"],"yoast_head":"<!-- This site is optimized with the Yoast SEO plugin v22.8 - https:\/\/yoast.com\/wordpress\/plugins\/seo\/ -->\n<title>L&#039;artisan - Fait de verre<\/title>\n<meta name=\"description\" content=\"Fait de Verre a \u00e9t\u00e9 cr\u00e9\u00e9e par Gwen Bonaque, un artisan passionn\u00e9 par la lumi\u00e8re et les reflets qu&#039;elle propose.\" \/>\n<meta name=\"robots\" content=\"index, follow, max-snippet:-1, max-image-preview:large, max-video-preview:-1\" \/>\n<link rel=\"canonical\" href=\"https:\/\/www.faitdeverre.com\/index.php\/a-propos\/\" \/>\n<meta property=\"og:locale\" content=\"fr_FR\" \/>\n<meta property=\"og:type\" content=\"article\" \/>\n<meta property=\"og:title\" content=\"L&#039;artisan - Fait de verre\" \/>\n<meta property=\"og:description\" content=\"Fait de Verre a \u00e9t\u00e9 cr\u00e9\u00e9e par Gwen Bonaque, un artisan passionn\u00e9 par la lumi\u00e8re et les reflets qu&#039;elle propose.\" \/>\n<meta property=\"og:url\" content=\"https:\/\/www.faitdeverre.com\/index.php\/a-propos\/\" \/>\n<meta property=\"og:site_name\" content=\"Fait de verre\" \/>\n<meta property=\"article:publisher\" content=\"https:\/\/www.facebook.com\/faitdeverre\" \/>\n<meta property=\"article:modified_time\" content=\"2024-06-17T18:40:34+00:00\" \/>\n<meta property=\"og:image\" content=\"https:\/\/www.faitdeverre.com\/wp-content\/uploads\/2024\/06\/Gwen-portrait-Atelier-atelier.jpg\" \/>\n\t<meta property=\"og:image:width\" content=\"1920\" \/>\n\t<meta property=\"og:image:height\" content=\"1277\" \/>\n\t<meta property=\"og:image:type\" content=\"image\/jpeg\" \/>\n<meta name=\"twitter:card\" content=\"summary_large_image\" \/>\n<meta name=\"twitter:label1\" content=\"Dur\u00e9e de lecture estim\u00e9e\" \/>\n\t<meta name=\"twitter:data1\" content=\"2 minutes\" \/>\n<script type=\"application\/ld+json\" class=\"yoast-schema-graph\">{\"@context\":\"https:\/\/schema.org\",\"@graph\":[{\"@type\":\"WebPage\",\"@id\":\"https:\/\/www.faitdeverre.com\/index.php\/a-propos\/\",\"url\":\"https:\/\/www.faitdeverre.com\/index.php\/a-propos\/\",\"name\":\"L'artisan - Fait de verre\",\"isPartOf\":{\"@id\":\"https:\/\/www.faitdeverre.com\/#website\"},\"primaryImageOfPage\":{\"@id\":\"https:\/\/www.faitdeverre.com\/index.php\/a-propos\/#primaryimage\"},\"image\":{\"@id\":\"https:\/\/www.faitdeverre.com\/index.php\/a-propos\/#primaryimage\"},\"thumbnailUrl\":\"https:\/\/www.faitdeverre.com\/wp-content\/uploads\/2024\/06\/Gwen-portrait-Atelier-atelier.jpg\",\"datePublished\":\"2024-03-02T16:05:13+00:00\",\"dateModified\":\"2024-06-17T18:40:34+00:00\",\"description\":\"Fait de Verre a \u00e9t\u00e9 cr\u00e9\u00e9e par Gwen Bonaque, un artisan passionn\u00e9 par la lumi\u00e8re et les reflets qu'elle propose.\",\"breadcrumb\":{\"@id\":\"https:\/\/www.faitdeverre.com\/index.php\/a-propos\/#breadcrumb\"},\"inLanguage\":\"fr-FR\",\"potentialAction\":[{\"@type\":\"ReadAction\",\"target\":[\"https:\/\/www.faitdeverre.com\/index.php\/a-propos\/\"]}]},{\"@type\":\"ImageObject\",\"inLanguage\":\"fr-FR\",\"@id\":\"https:\/\/www.faitdeverre.com\/index.php\/a-propos\/#primaryimage\",\"url\":\"https:\/\/www.faitdeverre.com\/wp-content\/uploads\/2024\/06\/Gwen-portrait-Atelier-atelier.jpg\",\"contentUrl\":\"https:\/\/www.faitdeverre.com\/wp-content\/uploads\/2024\/06\/Gwen-portrait-Atelier-atelier.jpg\",\"width\":1920,\"height\":1277,\"caption\":\"Gwen portrait Atelier atelier\"},{\"@type\":\"BreadcrumbList\",\"@id\":\"https:\/\/www.faitdeverre.com\/index.php\/a-propos\/#breadcrumb\",\"itemListElement\":[{\"@type\":\"ListItem\",\"position\":1,\"name\":\"Accueil\",\"item\":\"https:\/\/www.faitdeverre.com\/\"},{\"@type\":\"ListItem\",\"position\":2,\"name\":\"L&rsquo;artisan\"}]},{\"@type\":\"WebSite\",\"@id\":\"https:\/\/www.faitdeverre.com\/#website\",\"url\":\"https:\/\/www.faitdeverre.com\/\",\"name\":\"Fait de verre\",\"description\":\"Objets et Bijoux en verre\",\"publisher\":{\"@id\":\"https:\/\/www.faitdeverre.com\/#organization\"},\"potentialAction\":[{\"@type\":\"SearchAction\",\"target\":{\"@type\":\"EntryPoint\",\"urlTemplate\":\"https:\/\/www.faitdeverre.com\/?s={search_term_string}\"},\"query-input\":\"required name=search_term_string\"}],\"inLanguage\":\"fr-FR\"},{\"@type\":\"Organization\",\"@id\":\"https:\/\/www.faitdeverre.com\/#organization\",\"name\":\"Fait de verre\",\"url\":\"https:\/\/www.faitdeverre.com\/\",\"logo\":{\"@type\":\"ImageObject\",\"inLanguage\":\"fr-FR\",\"@id\":\"https:\/\/www.faitdeverre.com\/#\/schema\/logo\/image\/\",\"url\":\"https:\/\/www.faitdeverre.com\/wp-content\/uploads\/2024\/02\/Logo-fait-de-verre-2024-512px.png\",\"contentUrl\":\"https:\/\/www.faitdeverre.com\/wp-content\/uploads\/2024\/02\/Logo-fait-de-verre-2024-512px.png\",\"width\":512,\"height\":145,\"caption\":\"Fait de verre\"},\"image\":{\"@id\":\"https:\/\/www.faitdeverre.com\/#\/schema\/logo\/image\/\"},\"sameAs\":[\"https:\/\/www.facebook.com\/faitdeverre\",\"https:\/\/www.instagram.com\/gwenprod\"]}]}<\/script>\n<!-- \/ Yoast SEO plugin. -->","yoast_head_json":{"title":"L'artisan - Fait de verre","description":"Fait de Verre a \u00e9t\u00e9 cr\u00e9\u00e9e par Gwen Bonaque, un artisan passionn\u00e9 par la lumi\u00e8re et les reflets qu'elle propose.","robots":{"index":"index","follow":"follow","max-snippet":"max-snippet:-1","max-image-preview":"max-image-preview:large","max-video-preview":"max-video-preview:-1"},"canonical":"https:\/\/www.faitdeverre.com\/index.php\/a-propos\/","og_locale":"fr_FR","og_type":"article","og_title":"L'artisan - Fait de verre","og_description":"Fait de Verre a \u00e9t\u00e9 cr\u00e9\u00e9e par Gwen Bonaque, un artisan passionn\u00e9 par la lumi\u00e8re et les reflets qu'elle propose.","og_url":"https:\/\/www.faitdeverre.com\/index.php\/a-propos\/","og_site_name":"Fait de verre","article_publisher":"https:\/\/www.facebook.com\/faitdeverre","article_modified_time":"2024-06-17T18:40:34+00:00","og_image":[{"width":1920,"height":1277,"url":"https:\/\/www.faitdeverre.com\/wp-content\/uploads\/2024\/06\/Gwen-portrait-Atelier-atelier.jpg","type":"image\/jpeg"}],"twitter_card":"summary_large_image","twitter_misc":{"Dur\u00e9e de lecture estim\u00e9e":"2 minutes"},"schema":{"@context":"https:\/\/schema.org","@graph":[{"@type":"WebPage","@id":"https:\/\/www.faitdeverre.com\/index.php\/a-propos\/","url":"https:\/\/www.faitdeverre.com\/index.php\/a-propos\/","name":"L'artisan - Fait de verre","isPartOf":{"@id":"https:\/\/www.faitdeverre.com\/#website"},"primaryImageOfPage":{"@id":"https:\/\/www.faitdeverre.com\/index.php\/a-propos\/#primaryimage"},"image":{"@id":"https:\/\/www.faitdeverre.com\/index.php\/a-propos\/#primaryimage"},"thumbnailUrl":"https:\/\/www.faitdeverre.com\/wp-content\/uploads\/2024\/06\/Gwen-portrait-Atelier-atelier.jpg","datePublished":"2024-03-02T16:05:13+00:00","dateModified":"2024-06-17T18:40:34+00:00","description":"Fait de Verre a \u00e9t\u00e9 cr\u00e9\u00e9e par Gwen Bonaque, un artisan passionn\u00e9 par la lumi\u00e8re et les reflets qu'elle propose.","breadcrumb":{"@id":"https:\/\/www.faitdeverre.com\/index.php\/a-propos\/#breadcrumb"},"inLanguage":"fr-FR","potentialAction":[{"@type":"ReadAction","target":["https:\/\/www.faitdeverre.com\/index.php\/a-propos\/"]}]},{"@type":"ImageObject","inLanguage":"fr-FR","@id":"https:\/\/www.faitdeverre.com\/index.php\/a-propos\/#primaryimage","url":"https:\/\/www.faitdeverre.com\/wp-content\/uploads\/2024\/06\/Gwen-portrait-Atelier-atelier.jpg","contentUrl":"https:\/\/www.faitdeverre.com\/wp-content\/uploads\/2024\/06\/Gwen-portrait-Atelier-atelier.jpg","width":1920,"height":1277,"caption":"Gwen portrait Atelier atelier"},{"@type":"BreadcrumbList","@id":"https:\/\/www.faitdeverre.com\/index.php\/a-propos\/#breadcrumb","itemListElement":[{"@type":"ListItem","position":1,"name":"Accueil","item":"https:\/\/www.faitdeverre.com\/"},{"@type":"ListItem","position":2,"name":"L&rsquo;artisan"}]},{"@type":"WebSite","@id":"https:\/\/www.faitdeverre.com\/#website","url":"https:\/\/www.faitdeverre.com\/","name":"Fait de verre","description":"Objets et Bijoux en verre","publisher":{"@id":"https:\/\/www.faitdeverre.com\/#organization"},"potentialAction":[{"@type":"SearchAction","target":{"@type":"EntryPoint","urlTemplate":"https:\/\/www.faitdeverre.com\/?s={search_term_string}"},"query-input":"required name=search_term_string"}],"inLanguage":"fr-FR"},{"@type":"Organization","@id":"https:\/\/www.faitdeverre.com\/#organization","name":"Fait de verre","url":"https:\/\/www.faitdeverre.com\/","logo":{"@type":"ImageObject","inLanguage":"fr-FR","@id":"https:\/\/www.faitdeverre.com\/#\/schema\/logo\/image\/","url":"https:\/\/www.faitdeverre.com\/wp-content\/uploads\/2024\/02\/Logo-fait-de-verre-2024-512px.png","contentUrl":"https:\/\/www.faitdeverre.com\/wp-content\/uploads\/2024\/02\/Logo-fait-de-verre-2024-512px.png","width":512,"height":145,"caption":"Fait de verre"},"image":{"@id":"https:\/\/www.faitdeverre.com\/#\/schema\/logo\/image\/"},"sameAs":["https:\/\/www.facebook.com\/faitdeverre","https:\/\/www.instagram.com\/gwenprod"]}]}},"_links":{"self":[{"href":"https:\/\/www.faitdeverre.com\/index.php\/wp-json\/wp\/v2\/pages\/23","targetHints":{"allow":["GET"]}}],"collection":[{"href":"https:\/\/www.faitdeverre.com\/index.php\/wp-json\/wp\/v2\/pages"}],"about":[{"href":"https:\/\/www.faitdeverre.com\/index.php\/wp-json\/wp\/v2\/types\/page"}],"author":[{"embeddable":true,"href":"https:\/\/www.faitdeverre.com\/index.php\/wp-json\/wp\/v2\/users\/1"}],"replies":[{"embeddable":true,"href":"https:\/\/www.faitdeverre.com\/index.php\/wp-json\/wp\/v2\/comments?post=23"}],"version-history":[{"count":33,"href":"https:\/\/www.faitdeverre.com\/index.php\/wp-json\/wp\/v2\/pages\/23\/revisions"}],"predecessor-version":[{"id":468,"href":"https:\/\/www.faitdeverre.com\/index.php\/wp-json\/wp\/v2\/pages\/23\/revisions\/468"}],"wp:featuredmedia":[{"embeddable":true,"href":"https:\/\/www.faitdeverre.com\/index.php\/wp-json\/wp\/v2\/media\/370"}],"wp:attachment":[{"href":"https:\/\/www.faitdeverre.com\/index.php\/wp-json\/wp\/v2\/media?parent=23"}],"curies":[{"name":"wp","href":"https:\/\/api.w.org\/{rel}","templated":true}]}}